{"id":7658,"date":"2024-05-06T16:05:38","date_gmt":"2024-05-06T14:05:38","guid":{"rendered":"https:\/\/pepinieresdelariviere.fr\/?page_id=7658"},"modified":"2024-05-17T16:24:33","modified_gmt":"2024-05-17T14:24:33","slug":"actus","status":"publish","type":"page","link":"https:\/\/pepinieresdelariviere.fr\/actus\/","title":{"rendered":"Actus"},"content":{"rendered":"<p>[et_pb_section fb_built=\u00a0\u00bb1&Prime; _builder_version=\u00a0\u00bb4.16&Prime; global_colors_info=\u00a0\u00bb{}\u00a0\u00bb][et_pb_row disabled_on=\u00a0\u00bbon|on|on\u00a0\u00bb _builder_version=\u00a0\u00bb4.16&Prime; custom_padding=\u00a0\u00bb||0px||false|false\u00a0\u00bb disabled=\u00a0\u00bbon\u00a0\u00bb global_colors_info=\u00a0\u00bb{}\u00a0\u00bb][et_pb_column type=\u00a0\u00bb4_4&Prime; _builder_version=\u00a0\u00bb4.16&Prime; global_colors_info=\u00a0\u00bb{}\u00a0\u00bb][et_pb_text admin_label=\u00a0\u00bbNos actus\u00a0\u00bb _builder_version=\u00a0\u00bb4.25.0&Prime; _dynamic_attributes=\u00a0\u00bbcontent\u00a0\u00bb text_font=\u00a0\u00bbOscine Light|||on|||||\u00a0\u00bb text_text_color=\u00a0\u00bb#64c0bf\u00a0\u00bb header_font=\u00a0\u00bb|||on|||||\u00a0\u00bb header_text_align=\u00a0\u00bbleft\u00a0\u00bb header_text_color=\u00a0\u00bb#345229&Prime; text_orientation=\u00a0\u00bbcenter\u00a0\u00bb custom_margin=\u00a0\u00bb||-1px|||\u00a0\u00bb text_text_align=\u00a0\u00bbcenter\u00a0\u00bb global_colors_info=\u00a0\u00bb{}\u00a0\u00bb]<\/p>\n<h1>Nos actus<\/h1>\n<p>[\/et_pb_text][\/et_pb_column][\/et_pb_row][et_pb_row disabled_on=\u00a0\u00bbon|on|off\u00a0\u00bb _builder_version=\u00a0\u00bb4.24.2&Prime; _module_preset=\u00a0\u00bbdefault\u00a0\u00bb width=\u00a0\u00bb100%\u00a0\u00bb max_width=\u00a0\u00bb2560px\u00a0\u00bb custom_padding=\u00a0\u00bb0px||0px||true|false\u00a0\u00bb locked=\u00a0\u00bboff\u00a0\u00bb global_colors_info=\u00a0\u00bb{}\u00a0\u00bb][et_pb_column type=\u00a0\u00bb4_4&Prime; _builder_version=\u00a0\u00bb4.24.2&Prime; _module_preset=\u00a0\u00bbdefault\u00a0\u00bb global_colors_info=\u00a0\u00bb{}\u00a0\u00bb][et_pb_image src=\u00a0\u00bbhttps:\/\/pepinieresdelariviere.fr\/storage\/2024\/05\/feuille-palmier-R.svg\u00a0\u00bb title_text=\u00a0\u00bbfeuille-palmier-R\u00a0\u00bb admin_label=\u00a0\u00bbImage\u00a0\u00bb module_class=\u00a0\u00bbpalmier_right\u00a0\u00bb _builder_version=\u00a0\u00bb4.24.2&Prime; _module_preset=\u00a0\u00bbdefault\u00a0\u00bb width=\u00a0\u00bb280px\u00a0\u00bb height=\u00a0\u00bb613px\u00a0\u00bb global_colors_info=\u00a0\u00bb{}\u00a0\u00bb][\/et_pb_image][\/et_pb_column][\/et_pb_row][et_pb_row disabled_on=\u00a0\u00bbon|on|off\u00a0\u00bb _builder_version=\u00a0\u00bb4.24.2&Prime; _module_preset=\u00a0\u00bbdefault\u00a0\u00bb width=\u00a0\u00bb100%\u00a0\u00bb max_width=\u00a0\u00bb2560px\u00a0\u00bb custom_padding=\u00a0\u00bb0px||0px||true|false\u00a0\u00bb locked=\u00a0\u00bboff\u00a0\u00bb global_colors_info=\u00a0\u00bb{}\u00a0\u00bb][et_pb_column type=\u00a0\u00bb4_4&Prime; _builder_version=\u00a0\u00bb4.24.2&Prime; _module_preset=\u00a0\u00bbdefault\u00a0\u00bb global_colors_info=\u00a0\u00bb{}\u00a0\u00bb][et_pb_image src=\u00a0\u00bbhttps:\/\/pepinieresdelariviere.fr\/storage\/2024\/05\/feuille-palmier-L.svg\u00a0\u00bb title_text=\u00a0\u00bbfeuille-palmier-L\u00a0\u00bb admin_label=\u00a0\u00bbImage\u00a0\u00bb module_class=\u00a0\u00bbpalmier_left\u00a0\u00bb _builder_version=\u00a0\u00bb4.24.2&Prime; _module_preset=\u00a0\u00bbdefault\u00a0\u00bb width=\u00a0\u00bb405px\u00a0\u00bb height=\u00a0\u00bb1012px\u00a0\u00bb global_colors_info=\u00a0\u00bb{}\u00a0\u00bb][\/et_pb_image][\/et_pb_column][\/et_pb_row][et_pb_row _builder_version=\u00a0\u00bb4.24.2&Prime; _module_preset=\u00a0\u00bbdefault\u00a0\u00bb custom_padding=\u00a0\u00bb||0px||false|false\u00a0\u00bb locked=\u00a0\u00bboff\u00a0\u00bb global_colors_info=\u00a0\u00bb{}\u00a0\u00bb][et_pb_column type=\u00a0\u00bb4_4&Prime; _builder_version=\u00a0\u00bb4.24.2&Prime; _module_preset=\u00a0\u00bbdefault\u00a0\u00bb global_colors_info=\u00a0\u00bb{}\u00a0\u00bb][et_pb_image src=\u00a0\u00bbhttps:\/\/pepinieresdelariviere.fr\/storage\/2024\/05\/icone_papillon_vert.svg\u00a0\u00bb title_text=\u00a0\u00bbicone_papillon_vert\u00a0\u00bb align=\u00a0\u00bbcenter\u00a0\u00bb _builder_version=\u00a0\u00bb4.24.2&Prime; _module_preset=\u00a0\u00bbdefault\u00a0\u00bb width=\u00a0\u00bb87px\u00a0\u00bb global_colors_info=\u00a0\u00bb{}\u00a0\u00bb][\/et_pb_image][et_pb_text _builder_version=\u00a0\u00bb4.25.0&Prime; _module_preset=\u00a0\u00bbdefault\u00a0\u00bb header_font_size=\u00a0\u00bb40px\u00a0\u00bb header_2_font=\u00a0\u00bb|||on|||||\u00a0\u00bb header_2_text_align=\u00a0\u00bbcenter\u00a0\u00bb header_2_font_size=\u00a0\u00bb40px\u00a0\u00bb custom_margin=\u00a0\u00bb||0px||false|false\u00a0\u00bb global_colors_info=\u00a0\u00bb{}\u00a0\u00bb]<\/p>\n<h2>Nos actus<\/h2>\n<p>[\/et_pb_text][et_pb_text module_class=\u00a0\u00bbangelface\u00a0\u00bb _builder_version=\u00a0\u00bb4.25.0&Prime; _module_preset=\u00a0\u00bbdefault\u00a0\u00bb header_2_text_align=\u00a0\u00bbcenter\u00a0\u00bb header_2_text_color=\u00a0\u00bb#ffffff\u00a0\u00bb header_2_font_size=\u00a0\u00bb50px\u00a0\u00bb header_3_text_align=\u00a0\u00bbcenter\u00a0\u00bb header_3_text_color=\u00a0\u00bb#449b23&Prime; header_3_font_size=\u00a0\u00bb50px\u00a0\u00bb global_colors_info=\u00a0\u00bb{}\u00a0\u00bb]<\/p>\n<h3>pour ne rien louper<\/h3>\n<p>[\/et_pb_text][\/et_pb_column][\/et_pb_row][et_pb_row _builder_version=\u00a0\u00bb4.16&Prime; global_colors_info=\u00a0\u00bb{}\u00a0\u00bb][et_pb_column type=\u00a0\u00bb4_4&Prime; _builder_version=\u00a0\u00bb4.16&Prime; global_colors_info=\u00a0\u00bb{}\u00a0\u00bb][et_pb_blog fullwidth=\u00a0\u00bboff\u00a0\u00bb posts_number=\u00a0\u00bb12&Prime; include_categories=\u00a0\u00bball\u00a0\u00bb meta_date=\u00a0\u00bbj M Y\u00a0\u00bb show_more=\u00a0\u00bbon\u00a0\u00bb show_author=\u00a0\u00bboff\u00a0\u00bb show_categories=\u00a0\u00bboff\u00a0\u00bb _builder_version=\u00a0\u00bb4.25.0&Prime; header_text_color=\u00a0\u00bb#449B23&Prime; global_colors_info=\u00a0\u00bb{}\u00a0\u00bb][\/et_pb_blog][\/et_pb_column][\/et_pb_row][et_pb_row disabled_on=\u00a0\u00bbon|on|off\u00a0\u00bb _builder_version=\u00a0\u00bb4.24.2&Prime; _module_preset=\u00a0\u00bbdefault\u00a0\u00bb width=\u00a0\u00bb100%\u00a0\u00bb max_width=\u00a0\u00bb2560px\u00a0\u00bb custom_padding=\u00a0\u00bb0px||0px||true|false\u00a0\u00bb locked=\u00a0\u00bboff\u00a0\u00bb global_colors_info=\u00a0\u00bb{}\u00a0\u00bb][et_pb_column type=\u00a0\u00bb4_4&Prime; _builder_version=\u00a0\u00bb4.24.2&Prime; _module_preset=\u00a0\u00bbdefault\u00a0\u00bb global_colors_info=\u00a0\u00bb{}\u00a0\u00bb][et_pb_image src=\u00a0\u00bbhttps:\/\/pepinieresdelariviere.fr\/storage\/2024\/05\/feuille-palmier-L-2.svg\u00a0\u00bb title_text=\u00a0\u00bbfeuille-palmier-L-2&Prime; admin_label=\u00a0\u00bbImage\u00a0\u00bb module_class=\u00a0\u00bbpalmier_left\u00a0\u00bb _builder_version=\u00a0\u00bb4.24.2&Prime; _module_preset=\u00a0\u00bbdefault\u00a0\u00bb width=\u00a0\u00bb165px\u00a0\u00bb height=\u00a0\u00bb307px\u00a0\u00bb global_colors_info=\u00a0\u00bb{}\u00a0\u00bb][\/et_pb_image][\/et_pb_column][\/et_pb_row][\/et_pb_section]<\/p>\n","protected":false},"excerpt":{"rendered":"<p>Nos actusNos actuspour ne rien louper<\/p>\n","protected":false},"author":1,"featured_media":0,"parent":0,"menu_order":0,"comment_status":"closed","ping_status":"closed","template":"","meta":{"_et_pb_use_builder":"on","_et_pb_old_content":"","_et_gb_content_width":"","footnotes":""},"class_list":["post-7658","page","type-page","status-publish","hentry"],"yoast_head":"<!-- This site is optimized with the Yoast SEO plugin v27.2 - https:\/\/yoast.com\/product\/yoast-seo-wordpress\/ -->\n<title>Actus - P\u00e9pini\u00e8res de la Rivi\u00e8re<\/title>\n<meta name=\"robots\" content=\"index, follow, max-snippet:-1, max-image-preview:large, max-video-preview:-1\" \/>\n<link rel=\"canonical\" href=\"https:\/\/pepinieresdelariviere.fr\/actus\/\" \/>\n<meta property=\"og:locale\" content=\"fr_FR\" \/>\n<meta property=\"og:type\" content=\"article\" \/>\n<meta property=\"og:title\" content=\"Actus - P\u00e9pini\u00e8res de la Rivi\u00e8re\" \/>\n<meta property=\"og:description\" content=\"Nos actusNos actuspour ne rien louper\" \/>\n<meta property=\"og:url\" content=\"https:\/\/pepinieresdelariviere.fr\/actus\/\" \/>\n<meta property=\"og:site_name\" content=\"P\u00e9pini\u00e8res de la Rivi\u00e8re\" \/>\n<meta property=\"article:modified_time\" content=\"2024-05-17T14:24:33+00:00\" \/>\n<meta name=\"twitter:card\" content=\"summary_large_image\" \/>\n<meta name=\"twitter:label1\" content=\"Dur\u00e9e de lecture estim\u00e9e\" \/>\n\t<meta name=\"twitter:data1\" content=\"5 minutes\" \/>\n<script type=\"application\/ld+json\" class=\"yoast-schema-graph\">{\"@context\":\"https:\/\/schema.org\",\"@graph\":[{\"@type\":\"WebPage\",\"@id\":\"https:\/\/pepinieresdelariviere.fr\/actus\/\",\"url\":\"https:\/\/pepinieresdelariviere.fr\/actus\/\",\"name\":\"Actus - P\u00e9pini\u00e8res de la Rivi\u00e8re\",\"isPartOf\":{\"@id\":\"https:\/\/pepinieresdelariviere.fr\/#website\"},\"datePublished\":\"2024-05-06T14:05:38+00:00\",\"dateModified\":\"2024-05-17T14:24:33+00:00\",\"breadcrumb\":{\"@id\":\"https:\/\/pepinieresdelariviere.fr\/actus\/#breadcrumb\"},\"inLanguage\":\"fr-FR\",\"potentialAction\":[{\"@type\":\"ReadAction\",\"target\":[\"https:\/\/pepinieresdelariviere.fr\/actus\/\"]}]},{\"@type\":\"BreadcrumbList\",\"@id\":\"https:\/\/pepinieresdelariviere.fr\/actus\/#breadcrumb\",\"itemListElement\":[{\"@type\":\"ListItem\",\"position\":1,\"name\":\"Accueil\",\"item\":\"https:\/\/pepinieresdelariviere.fr\/\"},{\"@type\":\"ListItem\",\"position\":2,\"name\":\"Actus\"}]},{\"@type\":\"WebSite\",\"@id\":\"https:\/\/pepinieresdelariviere.fr\/#website\",\"url\":\"https:\/\/pepinieresdelariviere.fr\/\",\"name\":\"P\u00e9pini\u00e8res de la Rivi\u00e8re\",\"description\":\"Les P\u00e9pini\u00e8res de la Rivi\u00e8re sont situ\u00e9es \u00e0 Soullans en Vend\u00e9e (85). D\u00e9couvrez un large choix de v\u00e9g\u00e9taux et de d\u00e9coration pour vos espaces verts.\",\"potentialAction\":[{\"@type\":\"SearchAction\",\"target\":{\"@type\":\"EntryPoint\",\"urlTemplate\":\"https:\/\/pepinieresdelariviere.fr\/?s={search_term_string}\"},\"query-input\":{\"@type\":\"PropertyValueSpecification\",\"valueRequired\":true,\"valueName\":\"search_term_string\"}}],\"inLanguage\":\"fr-FR\"}]}<\/script>\n<!-- \/ Yoast SEO plugin. -->","yoast_head_json":{"title":"Actus - P\u00e9pini\u00e8res de la Rivi\u00e8re","robots":{"index":"index","follow":"follow","max-snippet":"max-snippet:-1","max-image-preview":"max-image-preview:large","max-video-preview":"max-video-preview:-1"},"canonical":"https:\/\/pepinieresdelariviere.fr\/actus\/","og_locale":"fr_FR","og_type":"article","og_title":"Actus - P\u00e9pini\u00e8res de la Rivi\u00e8re","og_description":"Nos actusNos actuspour ne rien louper","og_url":"https:\/\/pepinieresdelariviere.fr\/actus\/","og_site_name":"P\u00e9pini\u00e8res de la Rivi\u00e8re","article_modified_time":"2024-05-17T14:24:33+00:00","twitter_card":"summary_large_image","twitter_misc":{"Dur\u00e9e de lecture estim\u00e9e":"5 minutes"},"schema":{"@context":"https:\/\/schema.org","@graph":[{"@type":"WebPage","@id":"https:\/\/pepinieresdelariviere.fr\/actus\/","url":"https:\/\/pepinieresdelariviere.fr\/actus\/","name":"Actus - P\u00e9pini\u00e8res de la Rivi\u00e8re","isPartOf":{"@id":"https:\/\/pepinieresdelariviere.fr\/#website"},"datePublished":"2024-05-06T14:05:38+00:00","dateModified":"2024-05-17T14:24:33+00:00","breadcrumb":{"@id":"https:\/\/pepinieresdelariviere.fr\/actus\/#breadcrumb"},"inLanguage":"fr-FR","potentialAction":[{"@type":"ReadAction","target":["https:\/\/pepinieresdelariviere.fr\/actus\/"]}]},{"@type":"BreadcrumbList","@id":"https:\/\/pepinieresdelariviere.fr\/actus\/#breadcrumb","itemListElement":[{"@type":"ListItem","position":1,"name":"Accueil","item":"https:\/\/pepinieresdelariviere.fr\/"},{"@type":"ListItem","position":2,"name":"Actus"}]},{"@type":"WebSite","@id":"https:\/\/pepinieresdelariviere.fr\/#website","url":"https:\/\/pepinieresdelariviere.fr\/","name":"P\u00e9pini\u00e8res de la Rivi\u00e8re","description":"Les P\u00e9pini\u00e8res de la Rivi\u00e8re sont situ\u00e9es \u00e0 Soullans en Vend\u00e9e (85). D\u00e9couvrez un large choix de v\u00e9g\u00e9taux et de d\u00e9coration pour vos espaces verts.","potentialAction":[{"@type":"SearchAction","target":{"@type":"EntryPoint","urlTemplate":"https:\/\/pepinieresdelariviere.fr\/?s={search_term_string}"},"query-input":{"@type":"PropertyValueSpecification","valueRequired":true,"valueName":"search_term_string"}}],"inLanguage":"fr-FR"}]}},"_links":{"self":[{"href":"https:\/\/pepinieresdelariviere.fr\/api\/wp\/v2\/pages\/7658","targetHints":{"allow":["GET"]}}],"collection":[{"href":"https:\/\/pepinieresdelariviere.fr\/api\/wp\/v2\/pages"}],"about":[{"href":"https:\/\/pepinieresdelariviere.fr\/api\/wp\/v2\/types\/page"}],"author":[{"embeddable":true,"href":"https:\/\/pepinieresdelariviere.fr\/api\/wp\/v2\/users\/1"}],"replies":[{"embeddable":true,"href":"https:\/\/pepinieresdelariviere.fr\/api\/wp\/v2\/comments?post=7658"}],"version-history":[{"count":6,"href":"https:\/\/pepinieresdelariviere.fr\/api\/wp\/v2\/pages\/7658\/revisions"}],"predecessor-version":[{"id":7814,"href":"https:\/\/pepinieresdelariviere.fr\/api\/wp\/v2\/pages\/7658\/revisions\/7814"}],"wp:attachment":[{"href":"https:\/\/pepinieresdelariviere.fr\/api\/wp\/v2\/media?parent=7658"}],"curies":[{"name":"wp","href":"https:\/\/api.w.org\/{rel}","templated":true}]}}